{"version":"1.0","provider_name":"Ongropack","provider_url":"https:\/\/www.ongropack.com\/hu\/","author_name":"root","author_url":"https:\/\/www.ongropack.com\/hu\/author\/root\/","title":"Soksz\u00edn\u0171s\u00e9gi Egyezm\u00e9ny Magyarorsz\u00e1gon","type":"rich","width":600,"height":338,"html":"<blockquote class=\"wp-embedded-content\" data-secret=\"OOyJVcxfPf\"><a href=\"https:\/\/www.ongropack.com\/hu\/cikkek\/sokszinusegi-egyezmeny-magyarorszagon\/\">Soksz\u00edn\u0171s\u00e9gi Egyezm\u00e9ny Magyarorsz\u00e1gon<\/a><\/blockquote><iframe sandbox=\"allow-scripts\" security=\"restricted\" src=\"https:\/\/www.ongropack.com\/hu\/cikkek\/sokszinusegi-egyezmeny-magyarorszagon\/embed\/#?secret=OOyJVcxfPf\" width=\"600\" height=\"338\" title=\"&#8220;Soksz\u00edn\u0171s\u00e9gi Egyezm\u00e9ny Magyarorsz\u00e1gon&#8221; &#8212; Ongropack\" data-secret=\"OOyJVcxfPf\" frameborder=\"0\" marginwidth=\"0\" marginheight=\"0\" scrolling=\"no\" class=\"wp-embedded-content\"><\/iframe><script type=\"text\/javascript\">\n\/* <![CDATA[ *\/\n\/*! This file is auto-generated *\/\n!function(d,l){\"use strict\";l.querySelector&&d.addEventListener&&\"undefined\"!=typeof URL&&(d.wp=d.wp||{},d.wp.receiveEmbedMessage||(d.wp.receiveEmbedMessage=function(e){var t=e.data;if((t||t.secret||t.message||t.value)&&!\/[^a-zA-Z0-9]\/.test(t.secret)){for(var s,r,n,a=l.querySelectorAll('iframe[data-secret=\"'+t.secret+'\"]'),o=l.querySelectorAll('blockquote[data-secret=\"'+t.secret+'\"]'),c=new RegExp(\"^https?:$\",\"i\"),i=0;i<o.length;i++)o[i].style.display=\"none\";for(i=0;i<a.length;i++)s=a[i],e.source===s.contentWindow&&(s.removeAttribute(\"style\"),\"height\"===t.message?(1e3<(r=parseInt(t.value,10))?r=1e3:~~r<200&&(r=200),s.height=r):\"link\"===t.message&&(r=new URL(s.getAttribute(\"src\")),n=new URL(t.value),c.test(n.protocol))&&n.host===r.host&&l.activeElement===s&&(d.top.location.href=t.value))}},d.addEventListener(\"message\",d.wp.receiveEmbedMessage,!1),l.addEventListener(\"DOMContentLoaded\",function(){for(var e,t,s=l.querySelectorAll(\"iframe.wp-embedded-content\"),r=0;r<s.length;r++)(t=(e=s[r]).getAttribute(\"data-secret\"))||(t=Math.random().toString(36).substring(2,12),e.src+=\"#?secret=\"+t,e.setAttribute(\"data-secret\",t)),e.contentWindow.postMessage({message:\"ready\",secret:t},\"*\")},!1)))}(window,document);\n\/\/# sourceURL=https:\/\/www.ongropack.com\/wp-includes\/js\/wp-embed.min.js\n\/* ]]> *\/\n<\/script>\n","description":"Soksz\u00edn\u0171s\u00e9gi Egyezm\u00e9ny Magyarorsz\u00e1gon &#8211; eur\u00f3pai szint\u0171 \u00f6sszefog\u00e1s az es\u00e9lyegyenl\u0151s\u00e9g jegy\u00e9ben 2015. m\u00e1jus 29. &#8211; Az mtd Tan\u00e1csad\u00f3i K\u00f6z\u00f6ss\u00e9g a K\u00d6VET Egyes\u00fclettel egy\u00fcttm\u0171k\u00f6dve, m\u00e1jus 28-\u00e1n ind\u00edtotta \u00fatj\u00e1ra haz\u00e1nkban a Diversity Chartert, azaz a Soksz\u00edn\u0171s\u00e9gi Egyezm\u00e9nyt a IV. Es\u00e9lykonferencia keret\u00e9ben, amelyhez alap\u00edt\u00e1s\u00e1t k\u00f6vet\u0151en, a j\u00f6v\u0151ben is folyamatos csatlakoz\u00e1si lehet\u0151s\u00e9get biztos\u00edt. A magyarorsz\u00e1gi Diversity Charterhez m\u00e1r 40 foglalkoztat\u00f3..."}